{"id":272,"date":"2018-03-06T16:22:36","date_gmt":"2018-03-06T15:22:36","guid":{"rendered":"https:\/\/www.rahnbodmer.ch\/nota\/?page_id=272"},"modified":"2026-02-27T12:49:30","modified_gmt":"2026-02-27T11:49:30","slug":"autoren","status":"publish","type":"page","link":"https:\/\/www.rahnbodmer.ch\/notablog\/autoren\/","title":{"rendered":"Autoren"},"content":{"rendered":"<div class=\"rb-authors\">\n<div class=\"rb-author\">\n<div class=\"rb-author-image\"><img data-del=\"avatar\" src=\"https:\/\/www.rahnbodmer.ch\/notablog\/wp-content\/uploads\/2024\/07\/blog_nicole-nussbaumer.jpg\" class=\"avatar pp-user-avatar avatar-originalwp-user-avatar wp-user-avatar-original photo \" width=\"1024\"><\/div>\n<div class=\"rb-author-details\">\n<div class=\"rb-author-name\"><a href=\"\/notablog\/author\/nk\">Nicole Nussbaumer<\/a><\/div>\n<div class=\"rb-author-function\">Leiterin Nachlassplanung<\/div>\n<div class=\"rb-author-text\">Nicole Nussbaumer-Gr\u00fcndler arbeitet seit 2011 in der Abteilung Steuern <span class=\"amp\">&amp;<\/span> Nachlass\u00adplanung von Rahn+Bodmer Co., seit 2017 als Leiterin. Sie ber\u00e4t Privat\u00adkunden seit \u00fcber zehn Jahren vorzugs\u00adweise in den Bereichen des Ehe\u2011, Erb- und Steuer\u00adrechts. Nicole Nussbaumer ist Rechts\u00adan\u00adw\u00e4ltin und arbeitete vor ihrer T\u00e4tigkeit bei Rahn+Bodmer Co. im Bereich Private Clients bei einer der grossen Z\u00fcrcher Wirtschaftskanzleien.<\/div>\n<div class=\"rb-author-links\"><a href=\"\/notablog\/author\/nk\">Beitr\u00e4ge von Nicole Nussbaumer<\/a><\/div>\n<\/div>\n<\/div>\n<div class=\"rb-author\">\n<div class=\"rb-author-image\"><img data-del=\"avatar\" src=\"https:\/\/www.rahnbodmer.ch\/notablog\/wp-content\/uploads\/2022\/07\/blog_sandra-wydler.jpg\" class=\"avatar pp-user-avatar avatar-originalwp-user-avatar wp-user-avatar-original photo \" width=\"1024\"><\/div>\n<div class=\"rb-author-details\">\n<div class=\"rb-author-name\"><a href=\"\/notablog\/author\/sandra-wydler\">Sandra Wydler<\/a><\/div>\n<div class=\"rb-author-function\">Spezialistin f\u00fcr Finanzplanung und Steuerrecht<\/div>\n<div class=\"rb-author-text\">Sandra Wydler ist Wirtschafts\u00adju\u00adristin und h\u00e4lt einen <span class=\"caps\">CAS<\/span> in Financial Planning. Seit 2017 arbeitet sie im Team Steuern <span class=\"amp\">&amp;<\/span> Vorsorge, wo sie Privat\u00adkun\u00addinnen und Privat\u00adkunden in allen steuer\u00adlichen Frage\u00adstel\u00adlungen ber\u00e4t. Vor ihrer T\u00e4tigkeit bei uns arbeitete sie als Steuer\u00adkom\u00admis\u00ads\u00e4rin des Kantons Z\u00fcrich sowie in der Steuer\u00adbe\u00adratung einer inter\u00adna\u00adtio\u00adnalen Treuhandgesellschaft.&nbsp;<\/div>\n<div class=\"rb-author-links\"><a href=\"\/notablog\/author\/sandra-wydler\">Beitr\u00e4ge von Sandra Wydler<\/a><\/div>\n<\/div>\n<\/div>\n<div class=\"rb-author\">\n<div class=\"rb-author-image\"><img data-del=\"avatar\" src=\"https:\/\/www.rahnbodmer.ch\/notablog\/wp-content\/uploads\/2022\/07\/blog_marianne-gasser.jpg\" class=\"avatar pp-user-avatar avatar-originalwp-user-avatar wp-user-avatar-original photo \" width=\"1024\"><\/div>\n<div class=\"rb-author-details\">\n<div class=\"rb-author-name\"><a href=\"\/notablog\/author\/marianne-gasser\">Marianne Gasser<\/a><\/div>\n<div class=\"rb-author-function\">Steuerspezialistin<\/div>\n<div class=\"rb-author-text\">Marianne Gasser ist seit \u00fcber 30 Jahren bei Rahn+Bodmer Co. in der Abteilung Steuern <span class=\"amp\">&amp;<\/span> Nachlass\u00adplanung t\u00e4tig. \u00dcber die Jahre erarbeitete sich die gelernte Kauffrau ein breites Wissen im Bereich Steuern. Sie unter\u00adst\u00fctzt Kundinnen und Kunden in Steuer\u00adfragen und betreut haupt\u00ads\u00e4chlich Steuermandate.<\/div>\n<div class=\"rb-author-links\"><a href=\"\/notablog\/author\/marianne-gasser\">Beitr\u00e4ge von Marianne Gasser<\/a><\/div>\n<\/div>\n<\/div>\n<div class=\"rb-author\">\n<div class=\"rb-author-image\"><img data-del=\"avatar\" src=\"https:\/\/www.rahnbodmer.ch\/notablog\/wp-content\/uploads\/2022\/07\/blog_ronny-reichlin.jpg\" class=\"avatar pp-user-avatar avatar-originalwp-user-avatar wp-user-avatar-original photo \" width=\"1024\"><\/div>\n<div class=\"rb-author-details\">\n<div class=\"rb-author-name\"><a href=\"\/notablog\/author\/RRE\">Ronny Reichlin<\/a><\/div>\n<div class=\"rb-author-function\">Kundenberater<\/div>\n<div class=\"rb-author-text\">Ronny Reichlin ist seit 2011 Kunden\u00adbe\u00adrater bei Rahn+Bodmer Co. Er ist eidg.dipl. Finanz- und Anlage\u00adex\u00adperte (<span class=\"caps\">CIWM<\/span>) sowie Bankfachmann und Finanz\u00adplaner mit eidg. Fachausweis. Nach seiner Banklehre bei einer Grossbank war er beim gleichen Institut Kunden\u00adbe\u00adrater im Bereich Business Banking und Wealth Management.<\/div>\n<div class=\"rb-author-links\"><a href=\"\/notablog\/author\/RRE\">Beitr\u00e4ge von Ronny Reichlin<\/a><\/div>\n<\/div>\n<\/div>\n<div class=\"rb-author\">\n<div class=\"rb-author-image\"><img data-del=\"avatar\" src=\"https:\/\/www.rahnbodmer.ch\/notablog\/wp-content\/uploads\/2024\/07\/blog_ramon-lohri.jpg\" class=\"avatar pp-user-avatar avatar-originalwp-user-avatar wp-user-avatar-original photo \" width=\"1024\"><\/div>\n<div class=\"rb-author-details\">\n<div class=\"rb-author-name\"><a href=\"\/notablog\/author\/ramon-lohri\">Ramon Lohri<\/a><\/div>\n<div class=\"rb-author-function\">Kundenberater<\/div>\n<div class=\"rb-author-text\">Ramon Lohri ist seit 2008 Kunden\u00adbe\u00adrater bei Rahn+Bodmer Co. und seit f\u00fcnf Jahren Teamleiter. Er h\u00e4lt einen <span class=\"caps\">MAS<\/span> Private Banking und Wealth Management der Hochschule Luzern. Urspr\u00fcnglich hat Ramon Lohri eine Banklehre bei der Z\u00fcrcher Kanto\u00adnalbank absol\u00adviert und war anschliessend f\u00fcr mehrere Jahre als Kunden\u00adbe\u00adrater bei einer Schweizer Grossbank t\u00e4tig.<\/div>\n<div class=\"rb-author-links\"><a href=\"\/notablog\/author\/ramon-lohri\">Beitr\u00e4ge von Ramon&nbsp;Lohri<\/a><\/div>\n<\/div>\n<\/div>\n<div class=\"rb-author\">\n<div class=\"rb-author-image\"><img data-del=\"avatar\" src=\"https:\/\/www.rahnbodmer.ch\/notablog\/wp-content\/uploads\/2022\/07\/blog_urs-angst.jpg\" class=\"avatar pp-user-avatar avatar-originalwp-user-avatar wp-user-avatar-original photo \" width=\"1024\"><\/div>\n<div class=\"rb-author-details\">\n<div class=\"rb-author-name\"><a href=\"\/notablog\/author\/AU\">Urs Angst<\/a><\/div>\n<div class=\"rb-author-function\">Vorsitzender der Gesch\u00e4ftsleitung<\/div>\n<div class=\"rb-author-text\">Urs Angst trat nach seiner Banklehre 1991 bei Rahn+Bodmer Co. ein. Er absolvierte<br>\ndiverse Aus- und Weiter\u00adbil\u00addungen, u.a. verf\u00fcgt er \u00fcber einen Abschluss als Betriebs\u00adwirt\u00adschafter <span class=\"caps\">HF<\/span> und&nbsp;ist<br>\neidg.dipl. Finanz- und Anlage\u00adex\u00adperte. Urs Angst betreut vorwiegend verm\u00f6\u00adgende Schweizer Familien.<\/div>\n<div class=\"rb-author-links\"><a href=\"\/notablog\/author\/AU\">Beitr\u00e4ge von Urs&nbsp;Angst<\/a><\/div>\n<\/div>\n<\/div>\n<div class=\"rb-author\">\n<div class=\"rb-author-image\"><img data-del=\"avatar\" src=\"https:\/\/www.rahnbodmer.ch\/notablog\/wp-content\/uploads\/2024\/07\/blog_tiziano-foiera.jpg\" class=\"avatar pp-user-avatar avatar-originalwp-user-avatar wp-user-avatar-original photo \" width=\"1024\"><\/div>\n<div class=\"rb-author-details\">\n<div><\/div>\n<div class=\"rb-author-name\"><a href=\"\/notablog\/author\/tiziano-foeira\">Tiziano Foiera<\/a><\/div>\n<div class=\"rb-author-function\">Leiter Wealth Planning<\/div>\n<div class=\"rb-author-text\">Tiziano Foiera arbeitet seit 2017 in der Abteilung Steuern und Nachlass\u00adplanung von Rahn+Bodmer Co. Er ber\u00e4t Privat\u00adkunden in allen steuer- und erbrecht\u00adlichen Belangen. Tiziano Foiera hat an der Univer\u00adsit\u00e4t Z\u00fcrich Rechts\u00adwis\u00adsen\u00adschaften studiert und vor seiner T\u00e4tigkeit bei Rahn+Bodmer Co. mehrere Jahre Erfahrung als Steuer\u00adkom\u00admiss\u00e4r beim kanto\u00adnalen Steueramt Z\u00fcrich gesammelt.<\/div>\n<div class=\"rb-author-links\"><a href=\"\/notablog\/author\/tiziano-foeira\">Beitr\u00e4ge von Tiziano Foiera<\/a><\/div>\n<\/div>\n<\/div>\n<div class=\"rb-author\">\n<div class=\"rb-author-image\"><img data-del=\"avatar\" src=\"https:\/\/www.rahnbodmer.ch\/notablog\/wp-content\/uploads\/2022\/07\/blog_mario-stutz.jpg\" class=\"avatar pp-user-avatar avatar-originalwp-user-avatar wp-user-avatar-original photo \" width=\"1024\"><\/div>\n<div class=\"rb-author-details\">\n<div><\/div>\n<div class=\"rb-author-name\"><a href=\"\/notablog\/author\/mario-stutz\">Mario Stutz<\/a><\/div>\n<div class=\"rb-author-function\">Kundenberater<\/div>\n<div class=\"rb-author-text\">Mario Stutz ist seit 2018 Kunden\u00adbe\u00adrater bei Rahn+Bodmer Co. und unter\u00adst\u00fctzt verm\u00f6\u00adgende Privat\u00adkunden bei der umfas\u00adsenden Planung ihrer Finanzen. W\u00e4hrend seinem Studium in Management an der Univer\u00adsit\u00e4t Lausanne spezia\u00adli\u00adsierte er sich im Bankfach und war \u00fcber zehn Jahre bei den beiden Schweizer Gross\u00adbanken in der Verm\u00f6\u00adgens\u00adver\u00adwaltung und Anlage\u00adbe\u00adratung t\u00e4tig.<\/div>\n<div class=\"rb-author-links\"><a href=\"\/notablog\/author\/mario-stutz\">Beitr\u00e4ge von Mario&nbsp;Stutz<\/a><\/div>\n<\/div>\n<\/div>\n<div class=\"rb-author\">\n<div class=\"rb-author-image\"><img data-del=\"avatar\" src=\"https:\/\/www.rahnbodmer.ch\/notablog\/wp-content\/uploads\/2022\/07\/blog_daniel-ambrogini.jpg\" class=\"avatar pp-user-avatar avatar-originalwp-user-avatar wp-user-avatar-original photo \" width=\"1024\"><\/div>\n<div class=\"rb-author-details\">\n<div><\/div>\n<div class=\"rb-author-name\"><a href=\"\/notablog\/author\/daniel-ambrogini\">Daniel Ambrogini<\/a><\/div>\n<div class=\"rb-author-function\">Portfolio Manager<\/div>\n<div class=\"rb-author-text\">Daniel Ambrogini ist Senior Portfolio Manager und seit 2007 bei Rahn+Bodmer Co. t\u00e4tig. Er verf\u00fcgt \u00fcber 20 Jahre Erfahrung in der Verm\u00f6\u00adgens\u00adver\u00adwaltung und ist verant\u00adwortlich f\u00fcr die Verwaltung der Schweizer Aktien\u00admandate sowie gemischte Mandate, unter anderem f\u00fcr gemein\u00adn\u00fctzige Stiftungen. Bevor er zu Rahn+Bodmer Co. kam, war er bei einer Kantonal- und Grossbank in Z\u00fcrich und New York&nbsp;t\u00e4tig.<\/div>\n<div class=\"rb-author-links\"><a href=\"\/notablog\/author\/daniel-ambrogini\">Beitr\u00e4ge von Daniel Ambrogini<\/a><\/div>\n<\/div>\n<\/div>\n<div class=\"rb-author\">\n<div class=\"rb-author-image\"><img data-del=\"avatar\" src=\"https:\/\/www.rahnbodmer.ch\/notablog\/wp-content\/uploads\/2026\/02\/blog-valerie-riff.jpg\" class=\"avatar pp-user-avatar avatar-originalwp-user-avatar wp-user-avatar-original photo \" width=\"1024\"><\/div>\n<div class=\"rb-author-details\">\n<div class=\"rb-author-name\"><a href=\"\/notablog\/author\/valerie-riff\">Valerie Riff<\/a><\/div>\n<div class=\"rb-author-function\">Kundenberaterin<\/div>\n<div class=\"rb-author-text\">Valerie Riff absol\u00advierte eine Banklehre bei einer Schweizer Grossbank und arbeitete anschliessend mehrere Jahre als Assis\u00adtentin im Private Banking. Sie ist seit 2017 Betriebs\u00ad\u00f6ko\u00adnomin <span class=\"caps\">FH<\/span> und arbeitet seit Februar 2013 bei Rahn+Bodmer Co., wo sie heute als Kunden\u00adbe\u00adra\u00adterin in der Anlage\u00adbe\u00adratung t\u00e4tig&nbsp;ist.<\/div>\n<div class=\"rb-author-links\"><a href=\"\/notablog\/author\/valerie-riff\">Beitr\u00e4ge von Valerie Riff<\/a><\/div>\n<\/div>\n<\/div>\n<div class=\"rb-author\">\n<div class=\"rb-author-image\"><img data-del=\"avatar\" src=\"https:\/\/www.rahnbodmer.ch\/notablog\/wp-content\/uploads\/2022\/07\/blog_isabelle-bollhalder.jpg\" class=\"avatar pp-user-avatar avatar-originalwp-user-avatar wp-user-avatar-original photo \" width=\"1024\"><\/div>\n<div class=\"rb-author-details\">\n<div class=\"rb-author-name\"><a href=\"\/notablog\/author\/isabelle-bollhalder\">Isabelle Bollhalder<\/a><\/div>\n<div class=\"rb-author-function\">Portfolio Managerin und Nachhaltigkeitsexpertin<\/div>\n<div class=\"rb-author-text\">Isabelle Bollhalder arbeitet seit 2013 in der Abteilung Portfolio Management von Rahn+Bodmer Co. Davor war sie als Portfolio Managerin bei einer Schweizer Privatbank und einem Family Office t\u00e4tig. Isabelle Bollhalder hat an der Univer\u00adsit\u00e4t Bern einen Master\u00adab\u00adschluss in Betriebs\u00adwirt\u00adschaft mit Fokus Finanz erlangt. Ihre Master\u00adarbeit im Auftrag einer Schweizer Privatbank schrieb sie zum Thema nachhaltige Anlagen.<\/div>\n<div class=\"rb-author-links\"><a href=\"\/notablog\/author\/isabelle-bollhalder\">Beitr\u00e4ge von Isabelle Bollhalder<\/a><\/div>\n<\/div>\n<\/div>\n<div class=\"rb-author\">\n<div class=\"rb-author-image\"><img data-del=\"avatar\" src=\"https:\/\/www.rahnbodmer.ch\/notablog\/wp-content\/uploads\/2024\/07\/blog_nora-schoellkopf.jpg\" class=\"avatar pp-user-avatar avatar-originalwp-user-avatar wp-user-avatar-original photo \" width=\"1024\"><\/div>\n<div class=\"rb-author-details\">\n<div class=\"rb-author-name\"><a href=\"\/notablog\/author\/nora-schoellkopf\">Nora Sch\u00f6llkopf<\/a><\/div>\n<div class=\"rb-author-function\">Steuer- und Nachlassspezialistin<\/div>\n<div class=\"rb-author-text\">Nora Sch\u00f6llkopf ist Rechts\u00adan\u00adw\u00e4ltin mit ausge\u00adwie\u00adsener Expertise im Ehe- und Erbrecht. Zuvor war sie in Z\u00fcrcher Anwalts\u00adkanz\u00adleien, bei einem Schweizer Finanz\u00addienst\u00adleister und am Bezirks\u00adge\u00adricht Winterthur t\u00e4tig, mit Fokus auf Familien\u2011, Erb- und Gesell\u00adschafts\u00adrecht. Zudem ist sie als Dozentin an der <span class=\"caps\">ZHAW<\/span> im Bereich Kindes- und Erwach\u00adse\u00adnen\u00adschutz t\u00e4tig.<\/div>\n<div class=\"rb-author-links\"><a href=\"\/notablog\/author\/nora-schoellkopf\">Beitr\u00e4ge von Nora Sch\u00f6llkopf<\/a><\/div>\n<\/div>\n<\/div>\n<div class=\"rb-author\">\n<div class=\"rb-author-image\"><img data-del=\"avatar\" src=\"https:\/\/www.rahnbodmer.ch\/notablog\/wp-content\/uploads\/2022\/07\/blog_rolf-oppliger.jpg\" class=\"avatar pp-user-avatar avatar-originalwp-user-avatar wp-user-avatar-original photo \" width=\"1024\"><\/div>\n<div class=\"rb-author-details\">\n<div class=\"rb-author-name\"><a href=\"\/notablog\/author\/rolf-oppliger\">Rolf Oppliger<\/a><\/div>\n<div class=\"rb-author-function\">Kundenberater<\/div>\n<div class=\"rb-author-text\">Rolf Oppliger arbeitet seit 2000 in der Kunden\u00adbe\u00adratung von Rahn+Bodmer Co. In seiner Beratungs\u00adt\u00e4\u00adtigkeit hat er einen grossen Anteil an nachhaltig orien\u00adtierter Kundinnen und Kunden, dazu z\u00e4hlen Privat\u00adkunden sowie gemein\u00adn\u00fctzige Stiftungen. Rolf Oppliger hat an der <span class=\"caps\">ETH<\/span> Z\u00fcrich Agronomie (Dipl. Ing.-Agr. <span class=\"caps\">ETH<\/span>) studiert und sp\u00e4ter die Weiter\u00adbildung zum Eidg. Dipl. Finanz- und Anlage\u00adex\u00adperten (<span class=\"caps\">CIWM<\/span>) absolviert.<\/div>\n<div class=\"rb-author-links\"><a href=\"\/notablog\/author\/rolf-oppliger\">Beitr\u00e4ge von Rolf Oppliger<\/a><\/div>\n<\/div>\n<\/div>\n<div class=\"rb-author\">\n<div class=\"rb-author-image\"><img data-del=\"avatar\" src=\"https:\/\/www.rahnbodmer.ch\/notablog\/wp-content\/uploads\/2022\/07\/blog_thorsten-kuechler.jpg\" class=\"avatar pp-user-avatar avatar-originalwp-user-avatar wp-user-avatar-original photo \" width=\"1024\"><\/div>\n<div class=\"rb-author-details\">\n<div class=\"rb-author-name\"><a href=\"\/notablog\/author\/thorsten-kuechler\">Thorsten K\u00fcchler<\/a><\/div>\n<div class=\"rb-author-function\">Portfoliomanager f\u00fcr Unternehmensanleihen<\/div>\n<div class=\"rb-author-text\">Thorsten K\u00fcchler hat seine Karriere nach dem Studium der Volks\u00adwirt\u00adschafts\u00adlehre als Zins- und W\u00e4hrungs\u00adanalyst begonnen und anschliessend in das Portfo\u00adlio\u00adma\u00adnagement f\u00fcr Unter\u00adneh\u00admens\u00adan\u00adleihen gewechselt. Seit 2007 ist er bei Rahn+Bodmer Co, f\u00fcr festver\u00adzins\u00adliche Mandate verant\u00adwortlich und ist Mitglied des Strate\u00adgie\u00adko\u00admitees. Dar\u00fcber hinaus entwi\u00adckelt er regel\u00adge\u00adbundene Anlagekonzepte<\/div>\n<div class=\"rb-author-links\"><a href=\"\/notablog\/author\/thorsten-kuechler\">Beitr\u00e4ge von Thorsten K\u00fcchler<\/a><\/div>\n<\/div>\n<\/div>\n<div class=\"rb-author\">\n<div class=\"rb-author-image\"><img data-del=\"avatar\" src=\"https:\/\/www.rahnbodmer.ch\/notablog\/wp-content\/uploads\/2022\/07\/blog_jay-bidermann.jpg\" class=\"avatar pp-user-avatar avatar-originalwp-user-avatar wp-user-avatar-original photo \" width=\"1024\"><\/div>\n<div class=\"rb-author-details\">\n<div class=\"rb-author-name\"><a href=\"\/notablog\/author\/jay-bidermann\">Jay Bidermann<\/a><\/div>\n<div class=\"rb-author-function\">Partner<\/div>\n<div class=\"rb-author-text\">Jay Bidermann arbeitet seit 2016 bei Rahn+Bodmer Co. Er ist eidg. dipl. Finanz- und Anlage\u00adex\u00adperte (<span class=\"caps\">CIWM<\/span>) und betreut als Kunden\u00adbe\u00adrater vorwiegend Privat\u00adper\u00adsonen und ist Teamleiter eines Kunden\u00adbe\u00adra\u00adter\u00adteams. Nach seinem Bachelor in Banking <span class=\"amp\">&amp;<\/span> Finance (<span class=\"caps\">ZHAW<\/span>) sammelte er diverse Erfah\u00adrungen im In- und Ausland mit dem Fokus auf Finance und Start-Ups<\/div>\n<div class=\"rb-author-links\"><a href=\"\/notablog\/author\/jay-bidermann\">Beitr\u00e4ge von Jay Bidermann<\/a><\/div>\n<\/div>\n<\/div>\n<div class=\"rb-author\">\n<div class=\"rb-author-image\"><img data-del=\"avatar\" src=\"https:\/\/www.rahnbodmer.ch\/notablog\/wp-content\/uploads\/2023\/06\/blog_martin-betschart.jpg\" class=\"avatar pp-user-avatar avatar-originalwp-user-avatar wp-user-avatar-original photo \" width=\"1024\"><\/div>\n<div class=\"rb-author-details\">\n<div class=\"rb-author-name\"><a href=\"\/notablog\/author\/martin-betschart\">Martin Betschart<\/a><\/div>\n<div class=\"rb-author-function\">Finanzanalyst<\/div>\n<div class=\"rb-author-text\">Martin Betschart arbeitet seit 2022 f\u00fcr Rahn+Bodmer Co. Er ist als Finanz\u00adanalyst f\u00fcr die Sektoren Industrie und zykli\u00adscher Konsum verant\u00adwortlich. Zuvor war er bei zwei Kanto\u00adnal\u00adbanken in der Finanz\u00adanalyse t\u00e4tig. Er verf\u00fcgt \u00fcber 13 Jahre Erfahrung in der Aktien\u00adanalyse. Martin Betschart ist dipl. Bankwirt\u00adschafter <span class=\"caps\">HF<\/span> sowie dipl. Finanz\u00adana\u00adly\u00adtiker und Verm\u00f6gensverwalter\/<span class=\"caps\">CIIA<\/span>.<\/div>\n<div class=\"rb-author-links\"><a href=\"\/notablog\/author\/martin-betschart\">Beitr\u00e4ge von Martin Betschart<\/a><\/div>\n<\/div>\n<\/div>\n<div class=\"rb-author\">\n<div class=\"rb-author-image\"><img data-del=\"avatar\" src=\"https:\/\/www.rahnbodmer.ch\/notablog\/wp-content\/uploads\/2022\/08\/blog_michael-griesdorf.jpg\" class=\"avatar pp-user-avatar avatar-originalwp-user-avatar wp-user-avatar-original photo \" width=\"1024\"><\/div>\n<div class=\"rb-author-details\">\n<div class=\"rb-author-name\"><a href=\"\/notablog\/author\/michael-griesdorf\">Michael Griesdorf<\/a><\/div>\n<div class=\"rb-author-function\">Finanzanalyst<\/div>\n<div class=\"rb-author-text\">Michael Griesdorf absol\u00advierte eine Banklehre bei einer Schweizer Retailbank. Nach seinem Studium als Bachelor of Science in Betriebs\u00ad\u00f6ko\u00adnomie mit Vertiefung in Banking and Finance, arbeitete er abwechs\u00adlungs\u00adweise als Redaktor f\u00fcr zwei renom\u00admierte Schweizer Finanz\u00admedien im Bereich der Unter\u00adneh\u00admens\u00adanalyse sowie als Analyst eines Verm\u00f6\u00adgens\u00adver\u00adwalters. Seit Januar 2022 ist er bei Rahn+Bodmer Co. als Analyst f\u00fcr den Sektor Gesundheit und Rohstoffe t\u00e4tig.<\/div>\n<div class=\"rb-author-links\"><a href=\"\/notablog\/author\/michael-griesdorf\">Beitr\u00e4ge von Michael Griesdorf<\/a><\/div>\n<\/div>\n<\/div>\n<div class=\"rb-author\">\n<div class=\"rb-author-image\"><img data-del=\"avatar\" src=\"https:\/\/www.rahnbodmer.ch\/notablog\/wp-content\/uploads\/2022\/08\/blog-Heinz-R\u00fcttimann.jpg\" class=\"avatar pp-user-avatar avatar-originalwp-user-avatar wp-user-avatar-original photo \" width=\"1024\"><\/div>\n<div class=\"rb-author-details\">\n<div class=\"rb-author-name\"><a href=\"\/notablog\/author\/heinz-ruettimann\">Heinz R\u00fcttimann<\/a><\/div>\n<div class=\"rb-author-function\">Leiter Investment Office<\/div>\n<div class=\"rb-author-text\">Heinz R\u00fcttimann arbeitet seit 2022 im Investment Office von Rahn+Bodmer Co. und hat \u00fcber 20 Jahre Finanz\u00aderfahrung. Zuvor arbeitete er im Asset Management einer Investment Boutique und als Aktien\u00admarkt\u00adstratege f\u00fcr eine grosse Schweizer Privatbank. Zudem war er f\u00fcr die Steuerung des Handels\u00adfi\u00adnan\u00adzie\u00adrungs\u00adport\u00adfolios einer Kanto\u00adnalbank verant\u00adwortlich und Senior Portfolio Manager f\u00fcr alter\u00adnative Mandate bei einer Grossbank in Z\u00fcrich. Heinz R\u00fcttimann hat einen Abschluss der Fachhoch\u00adschule Luzern (<span class=\"caps\">FHZ<\/span>) und ist <span class=\"caps\">CAIA<\/span> und <span class=\"caps\">CESGA<\/span> Charterholder.<\/div>\n<div class=\"rb-author-links\"><a href=\"\/notablog\/author\/heinz-ruettimann\">Beitr\u00e4ge von Heinz R\u00fcttimann<\/a><\/div>\n<\/div>\n<\/div>\n<div class=\"rb-author\">\n<div class=\"rb-author-image\"><img data-del=\"avatar\" src=\"https:\/\/www.rahnbodmer.ch\/notablog\/wp-content\/uploads\/2023\/06\/blog_markus-huerzeler.jpg\" class=\"avatar pp-user-avatar avatar-originalwp-user-avatar wp-user-avatar-original photo \" width=\"1024\"><\/div>\n<div class=\"rb-author-details\">\n<div class=\"rb-author-name\"><a href=\"\/notablog\/author\/markus-huerzeler\">Markus H\u00fcrzeler<\/a><\/div>\n<div class=\"rb-author-function\">Leiter Steuern &amp; Vorsorge<\/div>\n<p class=\"rb-author-text\">Markus H\u00fcrzeler begleitet als dipl. Finanz\u00adplaner mit eidg. Fachausweis seit vielen Jahren Kundinnen und Kunden beim Erreichen ihrer finan\u00adzi\u00adellen Ziele. Er h\u00e4lt einen Master\u00adab\u00adschluss in Banking <span class=\"amp\">&amp;<\/span> Finance der Hochschule Luzern sowie einen <span class=\"caps\">MAS<\/span> in Financial Consulting der <span class=\"caps\">ZHAW<\/span>. <span class=\"fontstyle0\">Daneben ist er als Dozent im Bereich Finanz\u00adplanung mit Schwer\u00adpunkt Vorsor\u00adge\u00adbe\u00adsteuerung t\u00e4tig.<\/span><\/p>\n<div class=\"rb-author-links\"><a href=\"\/notablog\/author\/markus-huerzeler\">Beitr\u00e4ge von Markus H\u00fcrzeler<\/a><\/div>\n<\/div>\n<\/div>\n<div class=\"rb-author\">\n<div class=\"rb-author-image\"><img data-del=\"avatar\" src=\"https:\/\/www.rahnbodmer.ch\/notablog\/wp-content\/uploads\/2023\/01\/blog_thomas-weckemann.jpg\" class=\"avatar pp-user-avatar avatar-originalwp-user-avatar wp-user-avatar-original photo \" width=\"1024\"><\/div>\n<div class=\"rb-author-details\">\n<div class=\"rb-author-name\"><a href=\"\/notablog\/author\/thomas-weckemann\">Thomas Weckemann<\/a><\/div>\n<div class=\"rb-author-function\">Leiter Kundenberatung<\/div>\n<p class=\"rb-author-text\">Thomas Weckemann, seit 2022 bei uns, lernte das Handwerk bei verschie\u00addenen Privat- und Gross\u00adbanken, absol\u00advierte zwei Finanz\u00adana\u00adlys\u00adten\u00adpro\u00adgramme in den <span class=\"caps\">USA<\/span> sowie ein Executive-MBA-Studium an der Univer\u00adsit\u00e4t Z\u00fcrich.<\/p>\n<div class=\"rb-author-links\"><a href=\"\/notablog\/author\/thomas-weckemann\">Beitr\u00e4ge von Thomas Weckemann<\/a><\/div>\n<\/div>\n<\/div>\n<div class=\"rb-author\">\n<div class=\"rb-author-image\"><img data-del=\"avatar\" src=\"https:\/\/www.rahnbodmer.ch\/notablog\/wp-content\/uploads\/2025\/02\/Carmen-Oswald.jpg\" class=\"avatar pp-user-avatar avatar-originalwp-user-avatar wp-user-avatar-original photo \" width=\"1024\"><\/div>\n<div class=\"rb-author-details\">\n<div class=\"rb-author-name\"><a href=\"\/notablog\/author\/carmen-oswald\">Carmen Oswald<\/a><\/div>\n<div class=\"rb-author-function\">Kundenberaterin f\u00fcr externe Verm\u00f6gensverwalter<\/div>\n<p class=\"rb-author-text\">Carmen Oswald legt grossen Wert auf eine kundennahe Zusam\u00admen\u00adarbeit, die von Empathie und Service\u00adbe\u00adreit\u00adschaft gepr\u00e4gt ist. Diese Werte und ihre Begeis\u00adterung f\u00fcr die Beratung gibt sie auch als Praxis\u00adaus\u00adbild\u00adnerin an unsere Lernenden weiter. Carmen ist eidg. dipl. Betriebs\u00adwirt\u00adschaf\u00adterin <span class=\"caps\">HF<\/span> und zerti\u00adfi\u00adzierte Wealth-Management-Kundenberaterin.<\/p>\n<div class=\"rb-author-links\"><a href=\"\/notablog\/author\/carmen-oswald\">Beitr\u00e4ge von Carmen Oswald<\/a><\/div>\n<\/div>\n<\/div>\n<div class=\"rb-author\">\n<div class=\"rb-author-image\"><img data-del=\"avatar\" src=\"https:\/\/www.rahnbodmer.ch\/notablog\/wp-content\/uploads\/2024\/01\/blog-Stefan-Glaettli.jpg\" class=\"avatar pp-user-avatar avatar-originalwp-user-avatar wp-user-avatar-original photo \" width=\"1024\"><\/div>\n<div class=\"rb-author-details\">\n<div class=\"rb-author-name\"><a href=\"\/notablog\/author\/stefan-glaettli\">Stefan Gl\u00e4ttli<\/a><\/div>\n<div class=\"rb-author-function\">Leiter Finance, Risk und Operations<\/div>\n<p class=\"rb-author-text\">Stefan Gl\u00e4ttli ist seit 2014 als Leiter Finance, Risk und Opera\u00adtions bei Rahn+Bodmer Co. und Mitglied der Gesch\u00e4fts\u00adleitung. Seine langj\u00e4hrige Praxis\u00ader\u00adfahrung bef\u00e4higt ihn, die finan\u00adzielle Stabi\u00adlit\u00e4t der Bank sicher\u00adzu\u00adstellen und die Risiken in einem \u00fcberschau\u00adbaren Bereich zu halten. Er ist studierter Betriebs\u00ad\u00f6konom <span class=\"caps\">HWV<\/span> und diplo\u00admierter Experte in Rechnungs\u00adlegung und Controlling.<\/p>\n<div class=\"rb-author-links\"><a href=\"\/notablog\/author\/stefan-glaettli\">Beitr\u00e4ge von Stefan Gl\u00e4ttli<\/a><\/div>\n<\/div>\n<\/div>\n<div class=\"rb-author\">\n<div class=\"rb-author-image\"><img data-del=\"avatar\" src=\"https:\/\/www.rahnbodmer.ch\/notablog\/wp-content\/uploads\/2023\/10\/blog_grigor-scartazzini.jpg\" class=\"avatar pp-user-avatar avatar-originalwp-user-avatar wp-user-avatar-original photo \" width=\"1024\"><\/div>\n<div class=\"rb-author-details\">\n<div class=\"rb-author-name\"><a href=\"\/notablog\/author\/grigor-scartazzini\">Grigor Scartazzini<\/a><\/div>\n<div class=\"rb-author-function\">Leiter Informatik<\/div>\n<p class=\"rb-author-text\">Grigor Scartazzini, MSc in Computer Science <span class=\"caps\">UZH<\/span>, konnte sich sein Praxis\u00adwissen und seine F\u00fchrungs\u00ader\u00adfahrung bei renom\u00admierten Schweizer Banken im In- und Ausland aneignen. In nunmehr \u00fcber 18 Jahren hat er sich in verschie\u00addenen Rollen, von der Programm- bis hin zur Bereichs\u00adleitung, mit <span class=\"caps\">IT-<\/span> und Business-Strategien, diversen Kernbank\u00adap\u00adpli\u00adka\u00adtionen und der F\u00fchrung von <span class=\"caps\">IT-<\/span> wie auch Opera\u00adtions-Einheiten ausein\u00adan\u00adder\u00adge\u00adsetzt. Grigor Scartazzini ist seit Juni 2023 als Leiter Infor\u00admatik und Mitglied der Gesch\u00e4fts\u00adleitung bei Rahn+Bodmer Co.&nbsp;t\u00e4tig.<\/p>\n<div class=\"rb-author-links\"><a href=\"\/notablog\/author\/grigor-scartazzini\">Beitr\u00e4ge von Grigor Scartazzini<\/a><\/div>\n<\/div>\n<\/div>\n<div class=\"rb-author\">\n<div class=\"rb-author-image\"><img data-del=\"avatar\" src=\"https:\/\/www.rahnbodmer.ch\/notablog\/wp-content\/uploads\/2024\/07\/blog_simon-rahn.jpg\" class=\"avatar pp-user-avatar avatar-originalwp-user-avatar wp-user-avatar-original photo \" width=\"1024\"><\/div>\n<div class=\"rb-author-details\">\n<div class=\"rb-author-name\"><a href=\"\/notablog\/author\/simon-rahn\">Simon Rahn<\/a><\/div>\n<div class=\"rb-author-function\">Partner<\/div>\n<p class=\"rb-author-text\">Simon Rahn ist seit 2024 als Kunden\u00adbe\u00adrater bei Rahn+Bodmer Co. t\u00e4tig und seit 2026 unbeschr\u00e4nkt haftender Partner in der 5. Generation seiner Familie. Im Sommer 2019 hatte er seinen Master of Law an der Univer\u00adsit\u00e4t Z\u00fcrich abgeschlossen. Er ist Vater einer Tochter.<\/p>\n<div class=\"rb-author-links\"><a href=\"\/notablog\/author\/simon-rahn\">Beitr\u00e4ge von Simon&nbsp;Rahn<\/a><\/div>\n<\/div>\n<\/div>\n<div class=\"rb-author\">\n<div class=\"rb-author-image\"><img data-del=\"avatar\" src=\"https:\/\/www.rahnbodmer.ch\/notablog\/wp-content\/uploads\/2025\/02\/Andreas-Spiss_Blog.jpg\" class=\"avatar pp-user-avatar avatar-originalwp-user-avatar wp-user-avatar-original photo \" width=\"1024\"><\/div>\n<div class=\"rb-author-details\">\n<div class=\"rb-author-name\"><a href=\"\/notablog\/author\/andreas.spiss@rahnbodmer.ch\">Andreas Spiss<\/a><\/div>\n<div class=\"rb-author-function\">Steuerspezialist<\/div>\n<p class=\"rb-author-text\">Bevor Andreas Spiss in die Privat\u00adwirt\u00adschaft wechselte, arbeitete er bei diversen Steuer\u00ad\u00e4mtern. Danach vertiefte er sein Wissen in einer Steuer\u00adbe\u00adra\u00adtungs- und Treuhand\u00adge\u00adsell\u00adschaft und schloss die Ausbildung zum diplo\u00admierten Steuer\u00adex\u00adperten ab. Seine Fachge\u00adbiete sind Erbschafts- Schen\u00adkungs- und Grund\u00adst\u00fcck\u00adge\u00adwinn\u00adsteuern sowie die Besteuerung von juris\u00adti\u00adschen Personen.<\/p>\n<div class=\"rb-author-links\"><a href=\"\/notablog\/author\/andreas.spiss@rahnbodmer.ch\">Beitr\u00e4ge von Andreas Spiss<\/a><\/div>\n<\/div>\n<\/div>\n<div class=\"rb-author\">\n<div class=\"rb-author-image\"><img data-del=\"avatar\" src=\"https:\/\/www.rahnbodmer.ch\/notablog\/wp-content\/uploads\/2025\/05\/andrea-schwegler_blog.jpg\" class=\"avatar pp-user-avatar avatar-originalwp-user-avatar wp-user-avatar-original photo \" width=\"1024\"><\/div>\n<div class=\"rb-author-details\">\n<div class=\"rb-author-name\"><a href=\"\/notablog\/author\/andrea.hirzel@rahnbodmer.ch\">Andrea Hirzel<\/a><\/div>\n<div class=\"rb-author-function\">Immobilienspezialistin<\/div>\n<p class=\"rb-author-text\">Andrea Hirzel legte das Fundament ihres Immobilien-Fachwissens w\u00e4hrend eines langj\u00e4h\u00adrigen Engage\u00adments bei einer Kanto\u00adnalbank, wo sie unter anderem in den Immobilien-Trans\u00adak\u00adtionen sowie \u2011Finan\u00adzie\u00adrungen t\u00e4tig war. Sie h\u00e4lt einen <span class=\"caps\">MAS<\/span> in Financial Consulting und absol\u00advierte die H\u00f6here Fachschule Banking <span class=\"amp\">&amp;<\/span> Finance. Sie ist seit 2024 bei Rahn+Bodmer t\u00e4tig.<\/p>\n<div class=\"rb-author-links\"><a href=\"\/notablog\/author\/andrea.hirzel@rahnbodmer.ch\">Beitr\u00e4ge von Andrea Hirzel<\/a><\/div>\n<\/div>\n<\/div>\n<div class=\"rb-author\">\n<div class=\"rb-author-image\"><img data-del=\"avatar\" src=\"https:\/\/www.rahnbodmer.ch\/notablog\/wp-content\/uploads\/2025\/06\/michelle-syfrig_blog.jpg\" class=\"avatar pp-user-avatar avatar-originalwp-user-avatar wp-user-avatar-original photo \" width=\"1024\"><\/div>\n<div class=\"rb-author-details\">\n<div class=\"rb-author-name\"><a href=\"\/notablog\/author\/michelle-syfrig\">Michelle Syfrig<\/a><\/div>\n<div class=\"rb-author-function\">Nachlassspezialistin<\/div>\n<p class=\"rb-author-text\">Michelle Syfrig war w\u00e4hrend zw\u00f6lf Jahren bei zwei Schweizer Gross\u00adbanken im Wealth Planning t\u00e4tig, zuletzt als Teamlei\u00adterin Erbschaften. Parallel dazu erwarb sie den Bachelor in Wirtschafts\u00adrecht und den Master in Financial Consulting an der <span class=\"caps\">ZHAW<\/span> sowie ein <span class=\"caps\">CAS<\/span> in Erbrecht (Fachan\u00adwalts\u00adaus\u00adbildung). Seit 2024 ist sie bei Rahn+Bodmer Co. als Fachspe\u00adzia\u00adlistin Nachlass\u00adplanung t\u00e4tig.<\/p>\n<div class=\"rb-author-links\"><a href=\"\/notablog\/author\/michelle-syfrig\">Beitr\u00e4ge von Michelle Syfrig<\/a><\/div>\n<\/div>\n<\/div>\n<div class=\"rb-author\">\n<div class=\"rb-author-image\"><img data-del=\"avatar\" src=\"https:\/\/www.rahnbodmer.ch\/notablog\/wp-content\/uploads\/2025\/11\/Fabienne-Hockenjos_Blog.jpg\" class=\"avatar pp-user-avatar avatar-originalwp-user-avatar wp-user-avatar-original photo \" width=\"1024\"><\/div>\n<div class=\"rb-author-details\">\n<div class=\"rb-author-name\"><a href=\"\/notablog\/author\/fabienne-hockenjos\">Fabienne Hockenjos<\/a><\/div>\n<div class=\"rb-author-function\">Leiterin Financial Services<\/div>\n<p class=\"rb-author-text\">Fabienne Hockenjos ist Wirtschafts\u00adwis\u00adsen\u00adschaft\u00adlerin (Univer\u00adsit\u00e4t Basel) und <span class=\"caps\">CFA<\/span> Charter\u00adhol\u00adderin. Sie bringt umfas\u00adsende Erfahrung in der Verm\u00f6\u00adgens\u00adver\u00adwaltung, im Investment Research und im Fonds\u00adma\u00adnagement mit. Privat lebt sie mit ihrem Mann im Schwarz\u00adbu\u00adbenland nahe Basel, ist passio\u00adnierte Dressur\u00adrei\u00adterin und S\u00e4ngerin in einer Rockband.<\/p>\n<div class=\"rb-author-links\"><a href=\"\/notablog\/author\/fabienne-hockenjos\">Beitr\u00e4ge von Fabienne Hockenjos<\/a><\/div>\n<\/div>\n<\/div>\n<div class=\"rb-author\">\n<div class=\"rb-author-image\"><img data-del=\"avatar\" src=\"https:\/\/www.rahnbodmer.ch\/notablog\/wp-content\/uploads\/2025\/11\/Julia-Jakob.jpg\" class=\"avatar pp-user-avatar avatar-originalwp-user-avatar wp-user-avatar-original photo \" width=\"1024\"><\/div>\n<div class=\"rb-author-details\">\n<div class=\"rb-author-name\"><a href=\"\/notablog\/author\/julia-jakob\">Julia Jakob<\/a><\/div>\n<div class=\"rb-author-function\">Stiftungen &amp; Philanthropie<\/div>\n<p class=\"rb-author-text\">Julia Jakob hat langj\u00e4hrige Erfahrung als Stiftungs\u00adr\u00e4tin und als Gesch\u00e4fts\u00adf\u00fch\u00adrerin von Stiftungen. Bis Ende 2023 war die Juristin Co-Gesch\u00e4fts\u00adf\u00fch\u00adrerin von Swiss\u00adFoun\u00adda\u00adtions, dem Verband der Schweizer F\u00f6rder\u00adstif\u00adtungen, und hat 2024 eine auf Stiftungs\u00adrecht spezia\u00adli\u00adsierte Beratungs\u00adfirma mitge\u00adgr\u00fcndet. Seit 2025 ist sie bei Rahn+Bodmer Co. verant\u00adwortlich f\u00fcr Stiftungen und Philanthropie.<\/p>\n<div class=\"rb-author-links\"><a href=\"\/notablog\/author\/julia-jakob\">Beitr\u00e4ge von Julia&nbsp;Jakob<\/a><\/div>\n<\/div>\n<\/div>\n<div class=\"rb-author\">\n<div class=\"rb-author-image\"><img data-del=\"avatar\" src=\"https:\/\/www.rahnbodmer.ch\/notablog\/wp-content\/uploads\/2026\/02\/emrah-basic.jpg\" class=\"avatar pp-user-avatar avatar-originalwp-user-avatar wp-user-avatar-original photo \" width=\"1024\"><\/div>\n<div class=\"rb-author-details\">\n<div class=\"rb-author-name\"><a href=\"\/notablog\/author\/emrah-basic\">Emrah Basic<\/a><\/div>\n<div class=\"rb-author-function\">Finanzanalyst<\/div>\n<p class=\"rb-author-text\">Emrah Basic h\u00e4lt einen Master of Science der <span class=\"caps\">HEC<\/span> Univer\u00adsit\u00e4t Lausanne und ist <span class=\"caps\">CFA<\/span> Charter\u00adholder. Bevor er im Fr\u00fchling 2024 bei uns startete, sammelte er Erfah\u00adrungen als Sell-Side-Aktien\u00adanalyst f\u00fcr Techno\u00adlogie und Indus\u00adtrie\u00adaktien und war als Investment Manager im Venture-Capital-Bereich in Berlin t\u00e4tig. Bei Rahn+Bodmer Co. ist er f\u00fcr den Sektor Techno\u00adlogie verantwortlich.<\/p>\n<div class=\"rb-author-links\"><a href=\"\/notablog\/author\/emrah-basic\">Beitr\u00e4ge von Emrah&nbsp;Basic<\/a><\/div>\n<\/div>\n<\/div><\/div>","protected":false},"excerpt":{"rendered":"<p>Nicole Nussbaumer Leiterin Nachlass\u00adplanung Nicole Nussbaumer-Gr\u00fcndler arbeitet seit 2011 in der Abteilung Steuern <span class=\"amp\">&amp;<\/span> Nachlass\u00adplanung von Rahn+Bodmer Co., seit&nbsp;2017\u2026<\/p>\n","protected":false},"author":2,"featured_media":0,"parent":0,"menu_order":0,"comment_status":"closed","ping_status":"closed","template":"template-fullwidth.php","meta":{"wp_typography_post_enhancements_disabled":false,"footnotes":""},"class_list":["post-272","page","type-page","status-publish","hentry","clearfix"],"yoast_head":"<!-- This site is optimized with the Yoast SEO plugin v27.1.1 - https:\/\/yoast.com\/product\/yoast-seo-wordpress\/ -->\n<title>Autoren - Nota Blog<\/title>\n<meta name=\"robots\" content=\"index, follow, max-snippet:-1, max-image-preview:large, max-video-preview:-1\" \/>\n<link rel=\"canonical\" href=\"https:\/\/www.rahnbodmer.ch\/notablog\/autoren\/\" \/>\n<meta property=\"og:locale\" content=\"de_DE\" \/>\n<meta property=\"og:type\" content=\"article\" \/>\n<meta property=\"og:title\" content=\"Autoren - Nota Blog\" \/>\n<meta property=\"og:description\" content=\"Nicole Nussbaumer Leiterin Nachlassplanung Nicole Nussbaumer-Gr\u00fcndler arbeitet seit 2011 in der Abteilung Steuern &amp; Nachlass\u00adplanung von Rahn+Bodmer Co., seit 2017&hellip;\" \/>\n<meta property=\"og:url\" content=\"https:\/\/www.rahnbodmer.ch\/notablog\/autoren\/\" \/>\n<meta property=\"og:site_name\" content=\"Nota Blog\" \/>\n<meta property=\"article:modified_time\" content=\"2026-02-27T11:49:30+00:00\" \/>\n<meta name=\"twitter:card\" content=\"summary_large_image\" \/>\n<meta name=\"twitter:label1\" content=\"Gesch\u00e4tzte Lesezeit\" \/>\n\t<meta name=\"twitter:data1\" content=\"11\u00a0Minuten\" \/>\n<script type=\"application\/ld+json\" class=\"yoast-schema-graph\">{\"@context\":\"https:\/\/schema.org\",\"@graph\":[{\"@type\":\"WebPage\",\"@id\":\"https:\/\/www.rahnbodmer.ch\/notablog\/autoren\/\",\"url\":\"https:\/\/www.rahnbodmer.ch\/notablog\/autoren\/\",\"name\":\"Autoren - Nota Blog\",\"isPartOf\":{\"@id\":\"https:\/\/www.rahnbodmer.ch\/notablog\/#website\"},\"datePublished\":\"2018-03-06T15:22:36+00:00\",\"dateModified\":\"2026-02-27T11:49:30+00:00\",\"breadcrumb\":{\"@id\":\"https:\/\/www.rahnbodmer.ch\/notablog\/autoren\/#breadcrumb\"},\"inLanguage\":\"de-CH\",\"potentialAction\":[{\"@type\":\"ReadAction\",\"target\":[\"https:\/\/www.rahnbodmer.ch\/notablog\/autoren\/\"]}]},{\"@type\":\"BreadcrumbList\",\"@id\":\"https:\/\/www.rahnbodmer.ch\/notablog\/autoren\/#breadcrumb\",\"itemListElement\":[{\"@type\":\"ListItem\",\"position\":1,\"name\":\"Home\",\"item\":\"https:\/\/www.rahnbodmer.ch\/notablog\/\"},{\"@type\":\"ListItem\",\"position\":2,\"name\":\"Autoren\"}]},{\"@type\":\"WebSite\",\"@id\":\"https:\/\/www.rahnbodmer.ch\/notablog\/#website\",\"url\":\"https:\/\/www.rahnbodmer.ch\/notablog\/\",\"name\":\"Nota Blog\",\"description\":\"Das Web-Magazin von Rahn+Bodmer Co.\",\"potentialAction\":[{\"@type\":\"SearchAction\",\"target\":{\"@type\":\"EntryPoint\",\"urlTemplate\":\"https:\/\/www.rahnbodmer.ch\/notablog\/?s={search_term_string}\"},\"query-input\":{\"@type\":\"PropertyValueSpecification\",\"valueRequired\":true,\"valueName\":\"search_term_string\"}}],\"inLanguage\":\"de-CH\"}]}<\/script>\n<!-- \/ Yoast SEO plugin. -->","yoast_head_json":{"title":"Autoren - Nota Blog","robots":{"index":"index","follow":"follow","max-snippet":"max-snippet:-1","max-image-preview":"max-image-preview:large","max-video-preview":"max-video-preview:-1"},"canonical":"https:\/\/www.rahnbodmer.ch\/notablog\/autoren\/","og_locale":"de_DE","og_type":"article","og_title":"Autoren - Nota Blog","og_description":"Nicole Nussbaumer Leiterin Nachlassplanung Nicole Nussbaumer-Gr\u00fcndler arbeitet seit 2011 in der Abteilung Steuern &amp; Nachlass\u00adplanung von Rahn+Bodmer Co., seit 2017&hellip;","og_url":"https:\/\/www.rahnbodmer.ch\/notablog\/autoren\/","og_site_name":"Nota Blog","article_modified_time":"2026-02-27T11:49:30+00:00","twitter_card":"summary_large_image","twitter_misc":{"Gesch\u00e4tzte Lesezeit":"11\u00a0Minuten"},"schema":{"@context":"https:\/\/schema.org","@graph":[{"@type":"WebPage","@id":"https:\/\/www.rahnbodmer.ch\/notablog\/autoren\/","url":"https:\/\/www.rahnbodmer.ch\/notablog\/autoren\/","name":"Autoren - Nota Blog","isPartOf":{"@id":"https:\/\/www.rahnbodmer.ch\/notablog\/#website"},"datePublished":"2018-03-06T15:22:36+00:00","dateModified":"2026-02-27T11:49:30+00:00","breadcrumb":{"@id":"https:\/\/www.rahnbodmer.ch\/notablog\/autoren\/#breadcrumb"},"inLanguage":"de-CH","potentialAction":[{"@type":"ReadAction","target":["https:\/\/www.rahnbodmer.ch\/notablog\/autoren\/"]}]},{"@type":"BreadcrumbList","@id":"https:\/\/www.rahnbodmer.ch\/notablog\/autoren\/#breadcrumb","itemListElement":[{"@type":"ListItem","position":1,"name":"Home","item":"https:\/\/www.rahnbodmer.ch\/notablog\/"},{"@type":"ListItem","position":2,"name":"Autoren"}]},{"@type":"WebSite","@id":"https:\/\/www.rahnbodmer.ch\/notablog\/#website","url":"https:\/\/www.rahnbodmer.ch\/notablog\/","name":"Nota Blog","description":"Das Web-Magazin von Rahn+Bodmer Co.","potentialAction":[{"@type":"SearchAction","target":{"@type":"EntryPoint","urlTemplate":"https:\/\/www.rahnbodmer.ch\/notablog\/?s={search_term_string}"},"query-input":{"@type":"PropertyValueSpecification","valueRequired":true,"valueName":"search_term_string"}}],"inLanguage":"de-CH"}]}},"_links":{"self":[{"href":"https:\/\/www.rahnbodmer.ch\/notablog\/wp-json\/wp\/v2\/pages\/272","targetHints":{"allow":["GET"]}}],"collection":[{"href":"https:\/\/www.rahnbodmer.ch\/notablog\/wp-json\/wp\/v2\/pages"}],"about":[{"href":"https:\/\/www.rahnbodmer.ch\/notablog\/wp-json\/wp\/v2\/types\/page"}],"author":[{"embeddable":true,"href":"https:\/\/www.rahnbodmer.ch\/notablog\/wp-json\/wp\/v2\/users\/2"}],"replies":[{"embeddable":true,"href":"https:\/\/www.rahnbodmer.ch\/notablog\/wp-json\/wp\/v2\/comments?post=272"}],"version-history":[{"count":215,"href":"https:\/\/www.rahnbodmer.ch\/notablog\/wp-json\/wp\/v2\/pages\/272\/revisions"}],"predecessor-version":[{"id":7774,"href":"https:\/\/www.rahnbodmer.ch\/notablog\/wp-json\/wp\/v2\/pages\/272\/revisions\/7774"}],"wp:attachment":[{"href":"https:\/\/www.rahnbodmer.ch\/notablog\/wp-json\/wp\/v2\/media?parent=272"}],"curies":[{"name":"wp","href":"https:\/\/api.w.org\/{rel}","templated":true}]}}