{"id":923,"date":"2021-09-16T16:21:40","date_gmt":"2021-09-16T14:21:40","guid":{"rendered":"https:\/\/www.rahnbodmer.ch\/?page_id=923"},"modified":"2021-09-21T14:55:57","modified_gmt":"2021-09-21T12:55:57","slug":"zeitstrahl","status":"publish","type":"page","link":"https:\/\/www.rahnbodmer.ch\/de\/geschichte\/zeitstrahl","title":{"rendered":"Zeitstrahl"},"content":{"rendered":"\n<div class=\"zeitstrahl_filter_wrapper\">\n<div class=\"zeitstrahl_filter_inner\">\n  <div class=\"zeitstrahl_filter filter_absteigend\">\n    <img decoding=\"async\" src=\"\/wp-content\/themes\/rahnbodmer\/img\/rb_zs_down.svg\">\n    <strong>VORW\u00c4RTS<\/strong>\n  <\/div>\n  <div class=\"zeitstrahl_filter filter_aufsteigend active\">\n    <img decoding=\"async\" src=\"\/wp-content\/themes\/rahnbodmer\/img\/rb_zs_up.svg\">\n    <strong>R\u00dcCKW\u00c4RTS<\/strong>\n  <\/div>\n<\/div>\n<\/div>\n\n\n<div class=\"zeitstrahl_wrapper bereich_allgemein article_item\"><div id=\"zeitstrahl_4191\" class=\"zeitstrahl_box anim aset\"><div class=\"zeitstrahl_inner\"><div class=\"zeitstrahl_titel\"><h3>2025<\/h3><\/div><div class=\"zeitstrahl_text\"><!-- wp:paragraph -->\n<p>Rahn+Bodmer Co. feiert ihr 275-Jahr-Jubil\u00e4um als \u00e4lteste Privatbank der Schweiz<\/p>\n<!-- \/wp:paragraph -->\n\n<!-- wp:image {\"id\":4181,\"scale\":\"cover\",\"sizeSlug\":\"full\",\"linkDestination\":\"none\",\"className\":\"zs_jub_logo\"} -->\n<figure class=\"wp-block-image size-full zs_jub_logo\"><img decoding=\"async\" src=\"https:\/\/www.rahnbodmer.ch\/wp-content\/uploads\/2025\/01\/rb275j_glanz.svg\" alt=\"\" class=\"wp-image-4181\" style=\"object-fit:cover\"\/><\/figure>\n<!-- \/wp:image --><\/div><\/div><\/div><div id=\"zeitstrahl_931\" class=\"zeitstrahl_box anim aset\"><div class=\"zeitstrahl_inner\"><div class=\"zeitstrahl_titel\"><h3>2021<\/h3><\/div><div class=\"zeitstrahl_text\"><!-- wp:paragraph -->\n<p>Rahn+Bodmer Co. bezieht den neuen Firmensitz in der Z\u00fcrcher Altstadt<\/p>\n<!-- \/wp:paragraph -->\n\n<!-- wp:image {\"id\":318,\"width\":722,\"height\":470,\"sizeSlug\":\"large\",\"linkDestination\":\"none\"} -->\n<figure class=\"wp-block-image size-large is-resized\"><img loading=\"lazy\" decoding=\"async\" src=\"https:\/\/www.rahnbodmer.ch\/wp-content\/uploads\/2021\/08\/rb_home_neuer_firmensitz-1500x978.jpg\" alt=\"\" class=\"wp-image-318\" width=\"722\" height=\"470\" srcset=\"https:\/\/www.rahnbodmer.ch\/wp-content\/uploads\/2021\/08\/rb_home_neuer_firmensitz-1500x978.jpg 1500w, https:\/\/www.rahnbodmer.ch\/wp-content\/uploads\/2021\/08\/rb_home_neuer_firmensitz-800x522.jpg 800w, https:\/\/www.rahnbodmer.ch\/wp-content\/uploads\/2021\/08\/rb_home_neuer_firmensitz-768x501.jpg 768w, https:\/\/www.rahnbodmer.ch\/wp-content\/uploads\/2021\/08\/rb_home_neuer_firmensitz-1536x1001.jpg 1536w, https:\/\/www.rahnbodmer.ch\/wp-content\/uploads\/2021\/08\/rb_home_neuer_firmensitz-2048x1335.jpg 2048w, https:\/\/www.rahnbodmer.ch\/wp-content\/uploads\/2021\/08\/rb_home_neuer_firmensitz-400x261.jpg 400w\" sizes=\"auto, (max-width: 722px) 100vw, 722px\" \/><\/figure>\n<!-- \/wp:image --><\/div><\/div><\/div><div id=\"zeitstrahl_940\" class=\"zeitstrahl_box anim aset\"><div class=\"zeitstrahl_inner\"><div class=\"zeitstrahl_titel\"><h3>2016<\/h3><\/div><div class=\"zeitstrahl_text\"><!-- wp:paragraph -->\n<p>Rahn+Bodmer Co. erh\u00e4lt ein neues Logo und einen neuen Auftritt<\/p>\n<!-- \/wp:paragraph -->\n\n<!-- wp:image {\"id\":941,\"width\":461,\"height\":90,\"sizeSlug\":\"full\",\"linkDestination\":\"none\"} -->\n<figure class=\"wp-block-image size-full is-resized\"><img loading=\"lazy\" decoding=\"async\" src=\"https:\/\/www.rahnbodmer.ch\/wp-content\/uploads\/2021\/09\/rb_zs_2016.png\" alt=\"\" class=\"wp-image-941\" width=\"461\" height=\"90\" srcset=\"https:\/\/www.rahnbodmer.ch\/wp-content\/uploads\/2021\/09\/rb_zs_2016.png 1200w, https:\/\/www.rahnbodmer.ch\/wp-content\/uploads\/2021\/09\/rb_zs_2016-800x158.png 800w, https:\/\/www.rahnbodmer.ch\/wp-content\/uploads\/2021\/09\/rb_zs_2016-768x152.png 768w, https:\/\/www.rahnbodmer.ch\/wp-content\/uploads\/2021\/09\/rb_zs_2016-400x79.png 400w\" sizes=\"auto, (max-width: 461px) 100vw, 461px\" \/><\/figure>\n<!-- \/wp:image --><\/div><\/div><\/div><div id=\"zeitstrahl_943\" class=\"zeitstrahl_box anim aset\"><div class=\"zeitstrahl_inner\"><div class=\"zeitstrahl_titel\"><h3>2009<\/h3><\/div><div class=\"zeitstrahl_text\"><!-- wp:paragraph -->\n<p>Rahn &amp; Bodmer Co. wandelt sich von einer Kollektiv- in eine Kommanditgesellschaft<\/p>\n<!-- \/wp:paragraph --><\/div><\/div><\/div><div id=\"zeitstrahl_944\" class=\"zeitstrahl_box anim aset\"><div class=\"zeitstrahl_inner\"><div class=\"zeitstrahl_titel\"><h3>2007<\/h3><\/div><div class=\"zeitstrahl_text\"><!-- wp:paragraph -->\n<p>Beginn einer weltweiten Finanzkrise infolge eines spekulativ aufgebl\u00e4hten Immobilienmarkts in den USA<\/p>\n<!-- \/wp:paragraph --><\/div><\/div><\/div><div id=\"zeitstrahl_945\" class=\"zeitstrahl_box anim aset\"><div class=\"zeitstrahl_inner\"><div class=\"zeitstrahl_titel\"><h3>2000<\/h3><\/div><div class=\"zeitstrahl_text\"><!-- wp:paragraph -->\n<p>Rahn &amp; Bodmer feiert als \u00e4lteste Z\u00fcrcher Privatbank ihr 250-j\u00e4hriges Bestehen<\/p>\n<!-- \/wp:paragraph --><\/div><\/div><\/div><div id=\"zeitstrahl_946\" class=\"zeitstrahl_box anim aset\"><div class=\"zeitstrahl_inner\"><div class=\"zeitstrahl_titel\"><h3>1951<\/h3><\/div><div class=\"zeitstrahl_text\"><!-- wp:paragraph -->\n<p>Richard M. Bidermann wird erster Vertreter der heute gesch\u00e4ftsf\u00fchrenden Familie<\/p>\n<!-- \/wp:paragraph --><\/div><\/div><\/div><div id=\"zeitstrahl_947\" class=\"zeitstrahl_box anim aset\"><div class=\"zeitstrahl_inner\"><div class=\"zeitstrahl_titel\"><h3>1934<\/h3><\/div><div class=\"zeitstrahl_text\"><!-- wp:paragraph -->\n<p>Gr\u00fcndung der Vereinigung Schweizerischer Privatbankiers \u2013 Max Bodmer-Schindler ist Mitverfasser der Statuten und erster Pr\u00e4sident der Vereinigung<\/p>\n<!-- \/wp:paragraph --><\/div><\/div><\/div><div id=\"zeitstrahl_948\" class=\"zeitstrahl_box anim aset\"><div class=\"zeitstrahl_inner\"><div class=\"zeitstrahl_titel\"><h3>1932<\/h3><\/div><div class=\"zeitstrahl_text\"><!-- wp:paragraph -->\n<p>Privatbank Rahn &amp; Bodmer bezieht ihr Domizil an der Talstrasse 15 in Z\u00fcrich<\/p>\n<!-- \/wp:paragraph -->\n\n<!-- wp:image {\"id\":949,\"width\":782,\"height\":601,\"sizeSlug\":\"large\",\"linkDestination\":\"none\"} -->\n<figure class=\"wp-block-image size-large is-resized\"><img loading=\"lazy\" decoding=\"async\" src=\"https:\/\/www.rahnbodmer.ch\/wp-content\/uploads\/2021\/09\/rb_zs_1932-1500x1154.jpg\" alt=\"\" class=\"wp-image-949\" width=\"782\" height=\"601\" srcset=\"https:\/\/www.rahnbodmer.ch\/wp-content\/uploads\/2021\/09\/rb_zs_1932-1500x1154.jpg 1500w, https:\/\/www.rahnbodmer.ch\/wp-content\/uploads\/2021\/09\/rb_zs_1932-800x616.jpg 800w, https:\/\/www.rahnbodmer.ch\/wp-content\/uploads\/2021\/09\/rb_zs_1932-768x591.jpg 768w, https:\/\/www.rahnbodmer.ch\/wp-content\/uploads\/2021\/09\/rb_zs_1932-1536x1182.jpg 1536w, https:\/\/www.rahnbodmer.ch\/wp-content\/uploads\/2021\/09\/rb_zs_1932-2048x1576.jpg 2048w, https:\/\/www.rahnbodmer.ch\/wp-content\/uploads\/2021\/09\/rb_zs_1932-400x308.jpg 400w\" sizes=\"auto, (max-width: 782px) 100vw, 782px\" \/><\/figure>\n<!-- \/wp:image --><\/div><\/div><\/div><div id=\"zeitstrahl_951\" class=\"zeitstrahl_box anim aset\"><div class=\"zeitstrahl_inner\"><div class=\"zeitstrahl_titel\"><h3>1929<\/h3><\/div><div class=\"zeitstrahl_text\"><!-- wp:paragraph -->\n<p>B\u00f6rsencrash in New York. Gilt als Ausl\u00f6ser der Great Depression in den USA und der darauf folgenden Weltwirtschaftskrise<\/p>\n<!-- \/wp:paragraph --><\/div><\/div><\/div><div id=\"zeitstrahl_952\" class=\"zeitstrahl_box anim aset\"><div class=\"zeitstrahl_inner\"><div class=\"zeitstrahl_titel\"><h3>1923<\/h3><\/div><div class=\"zeitstrahl_text\"><!-- wp:paragraph -->\n<p>Privatbank Rahn &amp; Bodmer erh\u00e4lt B\u00f6rsenzulassung<\/p>\n<!-- \/wp:paragraph -->\n\n<!-- wp:image {\"id\":953,\"sizeSlug\":\"full\",\"linkDestination\":\"none\"} -->\n<figure class=\"wp-block-image size-full\"><img loading=\"lazy\" decoding=\"async\" width=\"1199\" height=\"785\" src=\"https:\/\/www.rahnbodmer.ch\/wp-content\/uploads\/2021\/09\/rb_zs_1923.jpg\" alt=\"\" class=\"wp-image-953\" srcset=\"https:\/\/www.rahnbodmer.ch\/wp-content\/uploads\/2021\/09\/rb_zs_1923.jpg 1199w, https:\/\/www.rahnbodmer.ch\/wp-content\/uploads\/2021\/09\/rb_zs_1923-800x524.jpg 800w, https:\/\/www.rahnbodmer.ch\/wp-content\/uploads\/2021\/09\/rb_zs_1923-768x503.jpg 768w, https:\/\/www.rahnbodmer.ch\/wp-content\/uploads\/2021\/09\/rb_zs_1923-400x262.jpg 400w\" sizes=\"auto, (max-width: 1199px) 100vw, 1199px\" \/><\/figure>\n<!-- \/wp:image --><\/div><\/div><\/div><div id=\"zeitstrahl_955\" class=\"zeitstrahl_box anim aset\"><div class=\"zeitstrahl_inner\"><div class=\"zeitstrahl_titel\"><h3>1917<\/h3><\/div><div class=\"zeitstrahl_text\"><!-- wp:paragraph -->\n<p>Max Bodmer-Schindler wird erster Vertreter der Familie Bodmer. Umbenennung der Bank in Rahn &amp; Bodmer<\/p>\n<!-- \/wp:paragraph -->\n\n<!-- wp:image {\"id\":956,\"width\":\"400px\",\"height\":\"566px\",\"sizeSlug\":\"full\",\"linkDestination\":\"none\"} -->\n<figure class=\"wp-block-image size-full is-resized\"><img loading=\"lazy\" decoding=\"async\" width=\"675\" height=\"955\" src=\"https:\/\/www.rahnbodmer.ch\/wp-content\/uploads\/2021\/09\/rb_zs_1917.jpg\" alt=\"\" class=\"wp-image-956\" style=\"width:400px;height:566px\" srcset=\"https:\/\/www.rahnbodmer.ch\/wp-content\/uploads\/2021\/09\/rb_zs_1917.jpg 675w, https:\/\/www.rahnbodmer.ch\/wp-content\/uploads\/2021\/09\/rb_zs_1917-400x566.jpg 400w\" sizes=\"auto, (max-width: 675px) 100vw, 675px\" \/><\/figure>\n<!-- \/wp:image --><\/div><\/div><\/div><div id=\"zeitstrahl_958\" class=\"zeitstrahl_box anim aset\"><div class=\"zeitstrahl_inner\"><div class=\"zeitstrahl_titel\"><h3>1912<\/h3><\/div><div class=\"zeitstrahl_text\"><!-- wp:paragraph -->\n<p>Z\u00fcrich erh\u00e4lt ein B\u00f6rsengesetz und Escher &amp; Rahn wird Mitglied der Schweizerischen Bankiervereinigung<\/p>\n<!-- \/wp:paragraph --><\/div><\/div><\/div><div id=\"zeitstrahl_959\" class=\"zeitstrahl_box anim aset\"><div class=\"zeitstrahl_inner\"><div class=\"zeitstrahl_titel\"><h3>1893<\/h3><\/div><div class=\"zeitstrahl_text\"><!-- wp:paragraph -->\n<p>Namens\u00e4nderung der Bank in Escher &amp; Rahn<\/p>\n<!-- \/wp:paragraph --><\/div><\/div><\/div><div id=\"zeitstrahl_960\" class=\"zeitstrahl_box anim aset\"><div class=\"zeitstrahl_inner\"><div class=\"zeitstrahl_titel\"><h3>1882<\/h3><\/div><div class=\"zeitstrahl_text\"><!-- wp:paragraph -->\n<p>Louis Rahn wird erster Vertreter der heute gesch\u00e4ftsf\u00fchrenden Familie<\/p>\n<!-- \/wp:paragraph --><\/div><\/div><\/div><div id=\"zeitstrahl_961\" class=\"zeitstrahl_box anim aset\"><div class=\"zeitstrahl_inner\"><div class=\"zeitstrahl_titel\"><h3>1848<\/h3><\/div><div class=\"zeitstrahl_text\"><!-- wp:paragraph -->\n<p>Erste Bundesverfassung der Schweizerischen Eidgenossenschaft<\/p>\n<!-- \/wp:paragraph --><\/div><\/div><\/div><div id=\"zeitstrahl_962\" class=\"zeitstrahl_box anim aset\"><div class=\"zeitstrahl_inner\"><div class=\"zeitstrahl_titel\"><h3>1847<\/h3><\/div><div class=\"zeitstrahl_text\"><!-- wp:paragraph -->\n<p>Er\u00f6ffnung der ersten Bahnstrecke in der Schweiz von Z\u00fcrich nach Baden<\/p>\n<!-- \/wp:paragraph -->\n\n<!-- wp:image {\"id\":963,\"sizeSlug\":\"full\",\"linkDestination\":\"none\"} -->\n<figure class=\"wp-block-image size-full\"><img loading=\"lazy\" decoding=\"async\" width=\"1280\" height=\"835\" src=\"https:\/\/www.rahnbodmer.ch\/wp-content\/uploads\/2021\/09\/rb_zs_1847.jpg\" alt=\"\" class=\"wp-image-963\" srcset=\"https:\/\/www.rahnbodmer.ch\/wp-content\/uploads\/2021\/09\/rb_zs_1847.jpg 1280w, https:\/\/www.rahnbodmer.ch\/wp-content\/uploads\/2021\/09\/rb_zs_1847-800x522.jpg 800w, https:\/\/www.rahnbodmer.ch\/wp-content\/uploads\/2021\/09\/rb_zs_1847-768x501.jpg 768w, https:\/\/www.rahnbodmer.ch\/wp-content\/uploads\/2021\/09\/rb_zs_1847-400x261.jpg 400w\" sizes=\"auto, (max-width: 1280px) 100vw, 1280px\" \/><\/figure>\n<!-- \/wp:image --><\/div><\/div><\/div><div id=\"zeitstrahl_965\" class=\"zeitstrahl_box anim aset\"><div class=\"zeitstrahl_inner\"><div class=\"zeitstrahl_titel\"><h3>1833<\/h3><\/div><div class=\"zeitstrahl_text\"><!-- wp:paragraph -->\n<p>Gr\u00fcndung der Z\u00fcrcher Universit\u00e4t<\/p>\n<!-- \/wp:paragraph --><\/div><\/div><\/div><div id=\"zeitstrahl_966\" class=\"zeitstrahl_box anim aset\"><div class=\"zeitstrahl_inner\"><div class=\"zeitstrahl_titel\"><h3>1817<\/h3><\/div><div class=\"zeitstrahl_text\"><!-- wp:paragraph -->\n<p>Die Bank firmiert neu unter dem Namen \u00abCaspar Schulthess Erben\u00bb<\/p>\n<!-- \/wp:paragraph --><\/div><\/div><\/div><div id=\"zeitstrahl_967\" class=\"zeitstrahl_box anim aset\"><div class=\"zeitstrahl_inner\"><div class=\"zeitstrahl_titel\"><h3>1799<\/h3><\/div><div class=\"zeitstrahl_text\"><!-- wp:paragraph -->\n<p>Z\u00fcrich ist Kriegsschauplatz. Mitten in der Stadt bek\u00e4mpfen sich franz\u00f6sische und russische Truppen<\/p>\n<!-- \/wp:paragraph -->\n\n<!-- wp:image {\"id\":968,\"sizeSlug\":\"full\",\"linkDestination\":\"none\"} -->\n<figure class=\"wp-block-image size-full\"><img loading=\"lazy\" decoding=\"async\" width=\"1752\" height=\"1168\" src=\"https:\/\/www.rahnbodmer.ch\/wp-content\/uploads\/2021\/09\/rb_zs_1799.jpg\" alt=\"\" class=\"wp-image-968\" srcset=\"https:\/\/www.rahnbodmer.ch\/wp-content\/uploads\/2021\/09\/rb_zs_1799.jpg 1752w, https:\/\/www.rahnbodmer.ch\/wp-content\/uploads\/2021\/09\/rb_zs_1799-800x533.jpg 800w, https:\/\/www.rahnbodmer.ch\/wp-content\/uploads\/2021\/09\/rb_zs_1799-1500x1000.jpg 1500w, https:\/\/www.rahnbodmer.ch\/wp-content\/uploads\/2021\/09\/rb_zs_1799-768x512.jpg 768w, https:\/\/www.rahnbodmer.ch\/wp-content\/uploads\/2021\/09\/rb_zs_1799-1536x1024.jpg 1536w, https:\/\/www.rahnbodmer.ch\/wp-content\/uploads\/2021\/09\/rb_zs_1799-400x267.jpg 400w\" sizes=\"auto, (max-width: 1752px) 100vw, 1752px\" \/><\/figure>\n<!-- \/wp:image --><\/div><\/div><\/div><div id=\"zeitstrahl_970\" class=\"zeitstrahl_box anim aset\"><div class=\"zeitstrahl_inner\"><div class=\"zeitstrahl_titel\"><h3>1798<\/h3><\/div><div class=\"zeitstrahl_text\"><!-- wp:paragraph -->\n<p>Neun Jahre nach der Franz\u00f6sischen Revolution marschieren die Franzosen in der Schweiz ein. Die Z\u00fcnfte verlieren nach 462-j\u00e4hriger Vorherrschaft die politischen Rechte in Z\u00fcrich<\/p>\n<!-- \/wp:paragraph --><\/div><\/div><\/div><div id=\"zeitstrahl_971\" class=\"zeitstrahl_box anim aset\"><div class=\"zeitstrahl_inner\"><div class=\"zeitstrahl_titel\"><h3>1780<\/h3><\/div><div class=\"zeitstrahl_text\"><!-- wp:paragraph -->\n<p>Gr\u00fcndung der (Neuen) Z\u00fcrcher Zeitung durch Salomon Gessner im Verlag Orell, Gessner, F\u00fcssli &amp; Co.<\/p>\n<!-- \/wp:paragraph -->\n\n<!-- wp:image {\"id\":972,\"width\":634,\"height\":807,\"sizeSlug\":\"full\",\"linkDestination\":\"none\"} -->\n<figure class=\"wp-block-image size-full is-resized\"><img loading=\"lazy\" decoding=\"async\" src=\"https:\/\/www.rahnbodmer.ch\/wp-content\/uploads\/2021\/09\/rb_zs_1780.jpg\" alt=\"\" class=\"wp-image-972\" width=\"634\" height=\"807\" srcset=\"https:\/\/www.rahnbodmer.ch\/wp-content\/uploads\/2021\/09\/rb_zs_1780.jpg 1414w, https:\/\/www.rahnbodmer.ch\/wp-content\/uploads\/2021\/09\/rb_zs_1780-800x1018.jpg 800w, https:\/\/www.rahnbodmer.ch\/wp-content\/uploads\/2021\/09\/rb_zs_1780-768x978.jpg 768w, https:\/\/www.rahnbodmer.ch\/wp-content\/uploads\/2021\/09\/rb_zs_1780-1207x1536.jpg 1207w, https:\/\/www.rahnbodmer.ch\/wp-content\/uploads\/2021\/09\/rb_zs_1780-400x509.jpg 400w\" sizes=\"auto, (max-width: 634px) 100vw, 634px\" \/><\/figure>\n<!-- \/wp:image --><\/div><\/div><\/div><div id=\"zeitstrahl_974\" class=\"zeitstrahl_box anim aset\"><div class=\"zeitstrahl_inner\"><div class=\"zeitstrahl_titel\"><h3>1768<\/h3><\/div><div class=\"zeitstrahl_text\"><!-- wp:paragraph -->\n<p>Anleihe, gezeichnet von Caspar und Hans Conrad Schulthess (\u00e4ltestes noch existierendes Dokument unserer Bank)<\/p>\n<!-- \/wp:paragraph -->\n\n<!-- wp:image {\"id\":975,\"width\":742,\"height\":996,\"sizeSlug\":\"large\",\"linkDestination\":\"none\"} -->\n<figure class=\"wp-block-image size-large is-resized\"><img loading=\"lazy\" decoding=\"async\" src=\"https:\/\/www.rahnbodmer.ch\/wp-content\/uploads\/2021\/09\/rb_zs_1768-1500x2015.jpg\" alt=\"\" class=\"wp-image-975\" width=\"742\" height=\"996\" srcset=\"https:\/\/www.rahnbodmer.ch\/wp-content\/uploads\/2021\/09\/rb_zs_1768-1500x2015.jpg 1500w, https:\/\/www.rahnbodmer.ch\/wp-content\/uploads\/2021\/09\/rb_zs_1768-800x1075.jpg 800w, https:\/\/www.rahnbodmer.ch\/wp-content\/uploads\/2021\/09\/rb_zs_1768-768x1032.jpg 768w, https:\/\/www.rahnbodmer.ch\/wp-content\/uploads\/2021\/09\/rb_zs_1768-1143x1536.jpg 1143w, https:\/\/www.rahnbodmer.ch\/wp-content\/uploads\/2021\/09\/rb_zs_1768-1524x2048.jpg 1524w, https:\/\/www.rahnbodmer.ch\/wp-content\/uploads\/2021\/09\/rb_zs_1768-400x537.jpg 400w, https:\/\/www.rahnbodmer.ch\/wp-content\/uploads\/2021\/09\/rb_zs_1768.jpg 1563w\" sizes=\"auto, (max-width: 742px) 100vw, 742px\" \/><\/figure>\n<!-- \/wp:image --><\/div><\/div><\/div><div id=\"zeitstrahl_977\" class=\"zeitstrahl_box anim aset\"><div class=\"zeitstrahl_inner\"><div class=\"zeitstrahl_titel\"><h3>1750<\/h3><\/div><div class=\"zeitstrahl_text\"><!-- wp:paragraph -->\n<p>Gr\u00fcndung des Seidenhandelshauses durch Caspar und Hans Conrad Schulthess (Bild)<\/p>\n<!-- \/wp:paragraph -->\n\n<!-- wp:image {\"id\":978,\"sizeSlug\":\"full\",\"linkDestination\":\"none\"} -->\n<figure class=\"wp-block-image size-full\"><img loading=\"lazy\" decoding=\"async\" width=\"400\" height=\"452\" src=\"https:\/\/www.rahnbodmer.ch\/wp-content\/uploads\/2021\/09\/rb_zs_1750.jpg\" alt=\"\" class=\"wp-image-978\"\/><\/figure>\n<!-- \/wp:image --><\/div><\/div><\/div><\/div>\n\n\n\n<p><br><\/p>\n\n\n\n\n<div id=\"page_link-block_61442f22b7ca9\" class=\"page_link_ct mob_zentriert\">\n\t<div class=\"page_link\"><strong><a href=\"https:\/\/www.rahnbodmer.ch\/de\/geschichte\">Unsere Geschichte<\/a><\/strong><\/div>\n<\/div>\n\n\n","protected":false},"excerpt":{"rendered":"VORW\u00c4RTS R\u00dcCKW\u00c4RTS","protected":false},"author":1,"featured_media":924,"parent":610,"menu_order":0,"comment_status":"closed","ping_status":"closed","template":"","meta":{"_acf_changed":false,"inline_featured_image":false,"footnotes":""},"class_list":["post-923","page","type-page","status-publish","has-post-thumbnail","hentry"],"acf":[],"_links":{"self":[{"href":"https:\/\/www.rahnbodmer.ch\/de\/wp-json\/wp\/v2\/pages\/923","targetHints":{"allow":["GET"]}}],"collection":[{"href":"https:\/\/www.rahnbodmer.ch\/de\/wp-json\/wp\/v2\/pages"}],"about":[{"href":"https:\/\/www.rahnbodmer.ch\/de\/wp-json\/wp\/v2\/types\/page"}],"author":[{"embeddable":true,"href":"https:\/\/www.rahnbodmer.ch\/de\/wp-json\/wp\/v2\/users\/1"}],"replies":[{"embeddable":true,"href":"https:\/\/www.rahnbodmer.ch\/de\/wp-json\/wp\/v2\/comments?post=923"}],"version-history":[{"count":8,"href":"https:\/\/www.rahnbodmer.ch\/de\/wp-json\/wp\/v2\/pages\/923\/revisions"}],"predecessor-version":[{"id":1271,"href":"https:\/\/www.rahnbodmer.ch\/de\/wp-json\/wp\/v2\/pages\/923\/revisions\/1271"}],"up":[{"embeddable":true,"href":"https:\/\/www.rahnbodmer.ch\/de\/wp-json\/wp\/v2\/pages\/610"}],"wp:featuredmedia":[{"embeddable":true,"href":"https:\/\/www.rahnbodmer.ch\/de\/wp-json\/wp\/v2\/media\/924"}],"wp:attachment":[{"href":"https:\/\/www.rahnbodmer.ch\/de\/wp-json\/wp\/v2\/media?parent=923"}],"curies":[{"name":"wp","href":"https:\/\/api.w.org\/{rel}","templated":true}]}}